{"id":105,"date":"2022-03-20T20:30:21","date_gmt":"2022-03-20T19:30:21","guid":{"rendered":"https:\/\/deruve.de\/?page_id=105"},"modified":"2023-05-23T12:19:43","modified_gmt":"2023-05-23T10:19:43","slug":"veranstaltungen","status":"publish","type":"page","link":"https:\/\/deruve.de\/ro\/veranstaltungen","title":{"rendered":"Veranstaltungskalender"},"content":{"rendered":"<div class=\"wp-block-columns is-layout-flex wp-container-core-columns-is-layout-9d6595d7 wp-block-columns-is-layout-flex\">\n<div class=\"wp-block-column is-layout-flow wp-block-column-is-layout-flow\" style=\"flex-basis:100%\">\n<div class=\"wp-block-columns is-layout-flex wp-container-core-columns-is-layout-9d6595d7 wp-block-columns-is-layout-flex\">\n<div class=\"wp-block-column is-layout-flow wp-block-column-is-layout-flow\" style=\"flex-basis:100%\"><div class=\"r34ics-ajax-container loading\" id=\"r69f2a0c6242151b\" data-view=\"month\" data-view-is-list-style=\"0\" data-view-is-list-long=\"0\" data-args=\"34cace8025bb7b37c75e4ddfffdb22aecdd617e4\" data-js-args=\"{&quot;debug&quot;:null}\">&nbsp;<\/div>\n\n\n\n<figure class=\"wp-block-table alignfull is-style-stripes has-normal-font-size\"><table class=\"has-fixed-layout\"><thead><tr><th><strong>Datum\/Uhrzeit<\/strong><\/th><th class=\"has-text-align-left\" data-align=\"left\"><strong>Thema<\/strong><\/th><th class=\"has-text-align-left\" data-align=\"left\"><strong>Ort<\/strong><\/th><th>Anmeldung<\/th><th>Zus\u00e4tzliche Infos<\/th><\/tr><\/thead><tbody><tr><td>04. April 2023<br>19:00 Uhr<\/td><td class=\"has-text-align-left\" data-align=\"left\">Sear\u0103 de conversa\u021bie \u2013 Rum\u00e4nisch-deutsche Gespr\u00e4che<\/td><td class=\"has-text-align-left\" data-align=\"left\">Im Haus des Pr\u00e4sidenten<\/td><td><a href=\"mailto:deruve.gi@gmail.com\" target=\"_blank\" rel=\"noreferrer noopener\" class=\"ek-link\">deruve.gi@gmail.com<\/a><\/td><td><\/td><\/tr><tr><td>06. M\u00e4rz 2023<br>19:00 Uhr<\/td><td class=\"has-text-align-left\" data-align=\"left\">Mitgliederversammlung<\/td><td class=\"has-text-align-left\" data-align=\"left\">online<\/td><td><a rel=\"noreferrer noopener\" href=\"mailto:deruve.gi@gmail.com\" target=\"_blank\" class=\"ek-link\">deruve.gi@gmail.com<\/a><\/td><td><\/td><\/tr><tr><td>12. Februar 2023<br>11:00-14:00<\/td><td class=\"has-text-align-left\" data-align=\"left\">Neujahrsempfang der Partnerschaftsvereine<\/td><td class=\"has-text-align-left\" data-align=\"left\">J\u00fcdische Gemeinde, Burggraben 6, 35390 Gie\u00dfen<\/td><td>nicht erforderlich<\/td><td><a rel=\"noreferrer noopener\" href=\"mailto:deruve.gi@gmail.com\" target=\"_blank\">deruve.gi@gmail.com<\/a><\/td><\/tr><tr><td><\/td><td class=\"has-text-align-left\" data-align=\"left\"><\/td><td class=\"has-text-align-left\" data-align=\"left\"><strong>2022<\/strong><\/td><td><\/td><td><\/td><\/tr><tr><td>25. April 2022<br>20:00 Uhr<\/td><td class=\"has-text-align-left\" data-align=\"left\">Vorstandssitzung mit Mitgliederversammlung<\/td><td class=\"has-text-align-left\" data-align=\"left\">Online auf Zoom<\/td><td><a href=\"mailto:deruve.gi@gmail.com\" target=\"_blank\" rel=\"noreferrer noopener\">deruve.gi@gmail.com<\/a><\/td><td><a href=\"https:\/\/drive.google.com\/file\/d\/18NgUDn_ZB1-JG_xylh92M0wt1YAb31mZ\/view?usp=sharing\" data-type=\"URL\" data-id=\"https:\/\/drive.google.com\/file\/d\/18NgUDn_ZB1-JG_xylh92M0wt1YAb31mZ\/view?usp=sharing\" target=\"_blank\" rel=\"noreferrer noopener\">Tagesordnung<\/a><\/td><\/tr><tr><td>13. Juni 2022<br>19:30 Uhr<\/td><td class=\"has-text-align-left\" data-align=\"left\">Lesung <em><a href=\"https:\/\/herma-kennel.de\/buecher\/es-gibt-dinge-die-muss-man-einfach-tun\/\" data-type=\"URL\" data-id=\"https:\/\/herma-kennel.de\/buecher\/es-gibt-dinge-die-muss-man-einfach-tun\/\">Herma Kennel: Es gibt Dinge, die mu\u00df man einfach tun<\/a><\/em><\/td><td class=\"has-text-align-left\" data-align=\"left\"><a rel=\"noreferrer noopener\" href=\"https:\/\/www.google.com\/maps\/place\/Kunst-+und+Kulturkreis+Wettenberg+e.V.\/@50.6343245,8.6782881,15z\/data=!4m2!3m1!1s0x0:0x55a85f010f4c966e?sa=X&amp;ved=2ahUKEwiK9euy3rH3AhVsRPEDHQ04AAAQ_BJ6BAg9EAU\" target=\"_blank\">Kunst- und Kulturkreis Wettenberg e.V.<\/a><br><a rel=\"noreferrer noopener\" href=\"https:\/\/www.google.com\/maps\/place\/Kunst-+und+Kulturkreis+Wettenberg+e.V.\/@50.6343245,8.6782881,15z\/data=!4m2!3m1!1s0x0:0x55a85f010f4c966e?sa=X&amp;ved=2ahUKEwiK9euy3rH3AhVsRPEDHQ04AAAQ_BJ6BAg9EAU\" target=\"_blank\">Goethestra\u00dfe 4B,<\/a><br><a rel=\"noreferrer noopener\" href=\"https:\/\/www.google.com\/maps\/place\/Kunst-+und+Kulturkreis+Wettenberg+e.V.\/@50.6343245,8.6782881,15z\/data=!4m2!3m1!1s0x0:0x55a85f010f4c966e?sa=X&amp;ved=2ahUKEwiK9euy3rH3AhVsRPEDHQ04AAAQ_BJ6BAg9EAU\" target=\"_blank\">35435 Wettenberg<\/a><br><\/td><td><a rel=\"noreferrer noopener\" href=\"mailto:deruve.gi@gmail.com\" target=\"_blank\">deruve.gi@gmail.com<\/a><\/td><td><a href=\"https:\/\/drive.google.com\/file\/d\/15uHSCCx6PZkAFt3aS_nvCc4ESBTU76vN\/view?usp=sharing\" data-type=\"URL\" data-id=\"https:\/\/drive.google.com\/file\/d\/15uHSCCx6PZkAFt3aS_nvCc4ESBTU76vN\/view?usp=sharing\" target=\"_blank\" rel=\"noreferrer noopener\">Flyer<\/a><\/td><\/tr><tr><td>25. Juni 2022<br>19:00 Uhr<\/td><td class=\"has-text-align-left\" data-align=\"left\">Sommerfest &#8222;Chef de vara&#8220;<\/td><td class=\"has-text-align-left\" data-align=\"left\"><a href=\"https:\/\/goo.gl\/maps\/W6GWYoK1gxVv2JKq6\" data-type=\"URL\" data-id=\"https:\/\/goo.gl\/maps\/W6GWYoK1gxVv2JKq6\" target=\"_blank\" rel=\"noreferrer noopener\">Restaurant Sandplacken<br>Sandplacken 2<br>61389 Schmitten<\/a><\/td><td><a rel=\"noreferrer noopener\" href=\"mailto:deruve.gi@gmail.com\" target=\"_blank\">deruve.gi@gmail.com<\/a><\/td><td><\/td><\/tr><tr><td>16. Juli 2022<br>11:00-13:00 Uhr<\/td><td class=\"has-text-align-left\" data-align=\"left\">\u00d6ffentliches Picknick: &#8222;La un pahar de vorb\u0103&#8220;<\/td><td class=\"has-text-align-left\" data-align=\"left\">Schwanenteich Gie\u00dfen<\/td><td><a rel=\"noreferrer noopener\" href=\"mailto:deruve.gi@gmail.com\" target=\"_blank\">deruve.gi@gmail.com<\/a><\/td><td><\/td><\/tr><tr><td>13. August 2022<br>11:00-13:00 Uhr<\/td><td class=\"has-text-align-left\" data-align=\"left\">\u00d6ffentliches Picknick: &#8222;La un pahar de vorb\u0103&#8220;<\/td><td class=\"has-text-align-left\" data-align=\"left\">Lahnwiesen, Gie\u00dfen<\/td><td><a rel=\"noreferrer noopener\" href=\"mailto:deruve.gi@gmail.com\" target=\"_blank\">deruve.gi@gmail.com<\/a><\/td><td><\/td><\/tr><tr><td>20. August 2022<br>ab 14:00 Uhr<\/td><td class=\"has-text-align-left\" data-align=\"left\">Tag der Kulturen der Universit\u00e4tstadt Gie\u00dfen<\/td><td class=\"has-text-align-left\" data-align=\"left\">Rathausplatz, Gie\u00dfen<\/td><td><a href=\"https:\/\/giessen-entdecken.de\/event-tags\/tag-der-kulturen\/\" data-type=\"URL\" data-id=\"https:\/\/giessen-entdecken.de\/event-tags\/tag-der-kulturen\/\" target=\"_blank\" rel=\"noreferrer noopener\">Infos<\/a><\/td><td><\/td><\/tr><tr><td>27. August 2022<br>11:00-13:00 Uhr<\/td><td class=\"has-text-align-left\" data-align=\"left\">\u00d6ffentliches Picknick: &#8222;La un pahar de vorb\u0103&#8220;<\/td><td class=\"has-text-align-left\" data-align=\"left\">Lahnwiesen, Gie\u00dfen<\/td><td><a rel=\"noreferrer noopener\" href=\"mailto:deruve.gi@gmail.com\" target=\"_blank\">deruve.gi@gmail.com<\/a><\/td><td><\/td><\/tr><tr><td>Oktober &#8211; Dezember 2022<br>donnerstags, 19:30 Uhr<\/td><td class=\"has-text-align-left\" data-align=\"left\">Vortragsreihe <em>Bl\u00fctenlese &#8211; Antologie<\/em><\/td><td class=\"has-text-align-left\" data-align=\"left\">Online auf Zoom<\/td><td><a rel=\"noreferrer noopener\" href=\"mailto:deruve.gi@gmail.com\" target=\"_blank\">deruve.gi@gmail.com<\/a><\/td><td><\/td><\/tr><tr><td>8. Oktober 2022, <br>15:30 Uhr<\/td><td class=\"has-text-align-left\" data-align=\"left\">Tag der rum\u00e4nischen Sprache. Eine Veranstaltung der Kommunalen Ausl\u00e4nderinnen- und Ausl\u00e4ndervertretung (KAV)&nbsp;der Stadt Frankfurt<\/td><td class=\"has-text-align-left\" data-align=\"left\">Stadthaus Frankfurt, Markt 1, &nbsp;60311 Frankfurt am Main<\/td><td><a href=\"mailto:anmeldung.kav@stadt-frankfurt.de\" target=\"_blank\" rel=\"noreferrer noopener\">anmeldung.kav@stadt-frankfurt.de<\/a><\/td><td><\/td><\/tr><tr><td>14. November 2022<br>20:00 Uhr<\/td><td class=\"has-text-align-left\" data-align=\"left\">Jahreshauptversammlung<\/td><td class=\"has-text-align-left\" data-align=\"left\">Restaurant Irodion, Hangelsteinstra\u00dfe 90, 35396 Gie\u00dfen<\/td><td><a rel=\"noreferrer noopener\" href=\"mailto:deruve.gi@gmail.com\" target=\"_blank\"><br>deruve.gi@gmail.com<\/a><\/td><td><\/td><\/tr><tr><td><\/td><td class=\"has-text-align-left\" data-align=\"left\"><\/td><td class=\"has-text-align-left\" data-align=\"left\"><\/td><td><\/td><td><\/td><\/tr><\/tbody><\/table><\/figure>\n<\/div>\n<\/div>\n<\/div>\n<\/div>\n\n\n\n<div class=\"wp-block-group\"><div class=\"wp-block-group__inner-container is-layout-flow wp-block-group-is-layout-flow\"><\/div><\/div>","protected":false},"excerpt":{"rendered":"<p>Datum\/Uhrzeit Thema Ort Anmeldung Zus\u00e4tzliche Infos 04. April 202319:00 Uhr Sear\u0103 de conversa\u021bie \u2013 Rum\u00e4nisch-deutsche Gespr\u00e4che Im Haus des Pr\u00e4sidenten deruve.gi@gmail.com 06. M\u00e4rz 202319:00 Uhr Mitgliederversammlung online deruve.gi@gmail.com 12. Februar 202311:00-14:00 Neujahrsempfang der Partnerschaftsvereine J\u00fcdische Gemeinde, Burggraben 6, 35390 Gie\u00dfen<span class=\"excerpt-fade\"><\/span><\/p>","protected":false},"author":1,"featured_media":0,"parent":0,"menu_order":0,"comment_status":"closed","ping_status":"closed","template":"","meta":{"footnotes":""},"class_list":["post-105","page","type-page","status-publish","hentry"],"_links":{"self":[{"href":"https:\/\/deruve.de\/ro\/wp-json\/wp\/v2\/pages\/105","targetHints":{"allow":["GET"]}}],"collection":[{"href":"https:\/\/deruve.de\/ro\/wp-json\/wp\/v2\/pages"}],"about":[{"href":"https:\/\/deruve.de\/ro\/wp-json\/wp\/v2\/types\/page"}],"author":[{"embeddable":true,"href":"https:\/\/deruve.de\/ro\/wp-json\/wp\/v2\/users\/1"}],"replies":[{"embeddable":true,"href":"https:\/\/deruve.de\/ro\/wp-json\/wp\/v2\/comments?post=105"}],"version-history":[{"count":0,"href":"https:\/\/deruve.de\/ro\/wp-json\/wp\/v2\/pages\/105\/revisions"}],"wp:attachment":[{"href":"https:\/\/deruve.de\/ro\/wp-json\/wp\/v2\/media?parent=105"}],"curies":[{"name":"wp","href":"https:\/\/api.w.org\/{rel}","templated":true}]}}